{"id":3862,"date":"2017-12-26T13:19:55","date_gmt":"2017-12-26T12:19:55","guid":{"rendered":"https:\/\/www.madamevacances.com\/blog\/?page_id=3862"},"modified":"2017-12-26T13:19:55","modified_gmt":"2017-12-26T12:19:55","slug":"ready-pour-samuser","status":"publish","type":"page","link":"https:\/\/www.madamevacances.com\/blog\/samuser\/","title":{"rendered":"Ready pour s&#8217;amuser"},"content":{"rendered":"<div class=\"postlist withthumb\"><span class=\"post-thumbnail\"><a href=\"https:\/\/www.madamevacances.com\/blog\/vacances-dete-dans-le-queyras\/\" title=\"Partir en Famille \u00e0 Abri\u00e8s : Le Meilleur des vacances d&#039;\u00e9t\u00e9 dans le Queyras\"><img width=\"1000\" height=\"666\" src=\"https:\/\/www.madamevacances.com\/blog\/wp-content\/uploads\/2025\/09\/Queyras-Lac-longet.jpg\" class=\"lcp_thumbnail wp-post-image\" alt=\"Partir en Famille \u00e0 Abri\u00e8s : Le Meilleur des vacances d&#039;\u00e9t\u00e9 dans le Queyras\" decoding=\"async\" loading=\"lazy\" srcset=\"https:\/\/www.madamevacances.com\/blog\/wp-content\/uploads\/2025\/09\/Queyras-Lac-longet.jpg 1000w, https:\/\/www.madamevacances.com\/blog\/wp-content\/uploads\/2025\/09\/Queyras-Lac-longet-300x200.jpg 300w, https:\/\/www.madamevacances.com\/blog\/wp-content\/uploads\/2025\/09\/Queyras-Lac-longet-768x511.jpg 768w\" sizes=\"(max-width: 767px) 89vw, (max-width: 1000px) 54vw, (max-width: 1071px) 543px, 580px\" \/><\/a><img width=\"1000\" height=\"666\" src=\"https:\/\/www.madamevacances.com\/blog\/wp-content\/uploads\/2025\/09\/Queyras-Lac-longet.jpg\" class=\"attachment-twentyseventeen-featured-image size-twentyseventeen-featured-image wp-post-image\" alt=\"Vacances d&#039;\u00e9t\u00e9 dans le Queyras \u00e0 Abri\u00e8s\" decoding=\"async\" loading=\"lazy\" srcset=\"https:\/\/www.madamevacances.com\/blog\/wp-content\/uploads\/2025\/09\/Queyras-Lac-longet.jpg 1000w, https:\/\/www.madamevacances.com\/blog\/wp-content\/uploads\/2025\/09\/Queyras-Lac-longet-300x200.jpg 300w, https:\/\/www.madamevacances.com\/blog\/wp-content\/uploads\/2025\/09\/Queyras-Lac-longet-768x511.jpg 768w\" sizes=\"(max-width: 767px) 89vw, (max-width: 1000px) 54vw, (max-width: 1071px) 543px, 580px\" \/><\/span><div class=\"lcp-container\"><div class=\"post-category\"><a href=\"https:\/\/www.madamevacances.com\/blog\/category\/montagne\/partager-montagne\/\"><i class=\"fa fa-users\"><\/i> Partager<\/a>, <a href=\"https:\/\/www.madamevacances.com\/blog\/category\/montagne\/samuser-montagne\/\"><i class=\"fa fa-smile-o\"><\/i> S'amuser<\/a><\/div><h3 class=\"entry-title\"><a href=\"https:\/\/www.madamevacances.com\/blog\/vacances-dete-dans-le-queyras\/\" rel=\"bookmark\">Partir en Famille \u00e0 Abri\u00e8s : Le Meilleur des vac...<\/a><\/h3><div class=\"lcp_excerpt\"><p>Nich\u00e9 au c\u0153ur du Queyras, le village d\u2019Abri\u00e8s est la destination id\u00e9ale pour des vacances d\u2019\u00e9t\u00e9 en famille. Calme, nature pr\u00e9serv\u00e9e, sentiers de randonn\u00e9es et rencontres avec les marmottes&#8230; c&#8217;est le cadre id\u00e9al pour petits et grands. En s\u00e9journant dans une r\u00e9sidence confortable avec piscine et espace bien-\u00eatre, vous profitez du meilleur des Alpes du ...<\/p><p class=\"link-more\"><\/p><div class=\"entry-meta\"><time class=\"entry-date published\" >Le   jeudi 21 ao\u00fbt 2025<\/time><div class=\"entry-likes\"><i class=\"nice-likes-icon-heart\"><\/i>0<\/div><div class=\"entry-comments\"><span class=\"dashicons dashicons-admin-comments\"><\/span>0<\/div><\/div><\/div><\/div><\/div><div class=\"postlist withthumb\"><span class=\"post-thumbnail\"><a href=\"https:\/\/www.madamevacances.com\/blog\/nouvelle-residence-pour-des-vacances-dhiver-a-abries\/\" title=\"Vacances d&#039;hiver \u00e0 Abri\u00e8s ? Un nouveau cocon de bien-\u00eatre\"><img width=\"2000\" height=\"1333\" src=\"https:\/\/www.madamevacances.com\/blog\/wp-content\/uploads\/2025\/02\/Les-Balcons-du-Viso-Abries-Piscine-hiver-Robert-Palomba-1.jpg\" class=\"lcp_thumbnail wp-post-image\" alt=\"Vacances d&#039;hiver \u00e0 Abri\u00e8s ? Un nouveau cocon de bien-\u00eatre\" decoding=\"async\" loading=\"lazy\" srcset=\"https:\/\/www.madamevacances.com\/blog\/wp-content\/uploads\/2025\/02\/Les-Balcons-du-Viso-Abries-Piscine-hiver-Robert-Palomba-1.jpg 2000w, https:\/\/www.madamevacances.com\/blog\/wp-content\/uploads\/2025\/02\/Les-Balcons-du-Viso-Abries-Piscine-hiver-Robert-Palomba-1-300x200.jpg 300w, https:\/\/www.madamevacances.com\/blog\/wp-content\/uploads\/2025\/02\/Les-Balcons-du-Viso-Abries-Piscine-hiver-Robert-Palomba-1-1620x1080.jpg 1620w, https:\/\/www.madamevacances.com\/blog\/wp-content\/uploads\/2025\/02\/Les-Balcons-du-Viso-Abries-Piscine-hiver-Robert-Palomba-1-768x512.jpg 768w, https:\/\/www.madamevacances.com\/blog\/wp-content\/uploads\/2025\/02\/Les-Balcons-du-Viso-Abries-Piscine-hiver-Robert-Palomba-1-1536x1024.jpg 1536w\" sizes=\"(max-width: 767px) 89vw, (max-width: 1000px) 54vw, (max-width: 1071px) 543px, 580px\" \/><\/a><img width=\"1333\" height=\"889\" src=\"https:\/\/www.madamevacances.com\/blog\/wp-content\/uploads\/2025\/02\/Les-Balcons-du-Viso-Abries-Piscine-hiver-Robert-Palomba-3-edited.jpg\" class=\"attachment-full size-full\" alt=\"R\u00e9sidence Les Balcons du Viso, espace bien-\u00eatre\" decoding=\"async\" loading=\"lazy\" srcset=\"https:\/\/www.madamevacances.com\/blog\/wp-content\/uploads\/2025\/02\/Les-Balcons-du-Viso-Abries-Piscine-hiver-Robert-Palomba-3-edited.jpg 1333w, https:\/\/www.madamevacances.com\/blog\/wp-content\/uploads\/2025\/02\/Les-Balcons-du-Viso-Abries-Piscine-hiver-Robert-Palomba-3-edited-300x200.jpg 300w, https:\/\/www.madamevacances.com\/blog\/wp-content\/uploads\/2025\/02\/Les-Balcons-du-Viso-Abries-Piscine-hiver-Robert-Palomba-3-edited-768x512.jpg 768w\" sizes=\"(max-width: 767px) 89vw, (max-width: 1000px) 54vw, (max-width: 1071px) 543px, 580px\" \/><\/span><div class=\"lcp-container\"><div class=\"post-category\"><a href=\"https:\/\/www.madamevacances.com\/blog\/category\/montagne\/partager-montagne\/\"><i class=\"fa fa-users\"><\/i> Partager<\/a>, <a href=\"https:\/\/www.madamevacances.com\/blog\/category\/montagne\/samuser-montagne\/\"><i class=\"fa fa-smile-o\"><\/i> S'amuser<\/a><\/div><h3 class=\"entry-title\"><a href=\"https:\/\/www.madamevacances.com\/blog\/nouvelle-residence-pour-des-vacances-dhiver-a-abries\/\" rel=\"bookmark\">Vacances d&#8217;hiver \u00e0 Abri\u00e8s ? Un nouveau coc...<\/a><\/h3><div class=\"lcp_excerpt\"><p>La r\u00e9sidence Les Balcons du Viso est l&#8217;adresse id\u00e9ale pour vivre de belles vacances d\u2019hiver \u00e0 Abri\u00e8s, au coeur des Alpes du Sud.\nSa localisation dans la station, ses appartements spacieux et son superbe espace bien-\u00eatre vue sur les montagnes vous promettent une exp\u00e9rience unique au c\u0153ur du Parc Naturel R\u00e9gional du Queyras.\n<\/p><p class=\"link-more\"><\/p><div class=\"entry-meta\"><time class=\"entry-date published\" >Le   lundi 10 f\u00e9vrier 2025<\/time><div class=\"entry-likes\"><i class=\"nice-likes-icon-heart\"><\/i>0<\/div><div class=\"entry-comments\"><span class=\"dashicons dashicons-admin-comments\"><\/span>0<\/div><\/div><\/div><\/div><\/div><div class=\"postlist withthumb\"><span class=\"post-thumbnail\"><a href=\"https:\/\/www.madamevacances.com\/blog\/top-10-activites-dhiver-en-station\/\" title=\"Top 10 des activit\u00e9s d&#039;hiver \u00e0 faire en station de ski\"><img width=\"1920\" height=\"1280\" src=\"https:\/\/www.madamevacances.com\/blog\/wp-content\/uploads\/2024\/11\/husky-3344674_1920.jpg\" class=\"lcp_thumbnail wp-post-image\" alt=\"Top 10 des activit\u00e9s d&#039;hiver \u00e0 faire en station de ski\" decoding=\"async\" loading=\"lazy\" srcset=\"https:\/\/www.madamevacances.com\/blog\/wp-content\/uploads\/2024\/11\/husky-3344674_1920.jpg 1920w, https:\/\/www.madamevacances.com\/blog\/wp-content\/uploads\/2024\/11\/husky-3344674_1920-300x200.jpg 300w, https:\/\/www.madamevacances.com\/blog\/wp-content\/uploads\/2024\/11\/husky-3344674_1920-1620x1080.jpg 1620w, https:\/\/www.madamevacances.com\/blog\/wp-content\/uploads\/2024\/11\/husky-3344674_1920-768x512.jpg 768w, https:\/\/www.madamevacances.com\/blog\/wp-content\/uploads\/2024\/11\/husky-3344674_1920-1536x1024.jpg 1536w\" sizes=\"(max-width: 767px) 89vw, (max-width: 1000px) 54vw, (max-width: 1071px) 543px, 580px\" \/><\/a><img width=\"1920\" height=\"1280\" src=\"https:\/\/www.madamevacances.com\/blog\/wp-content\/uploads\/2024\/11\/husky-3344674_1920.jpg\" class=\"attachment-full size-full\" alt=\"Balade en chiens de traineaux\" decoding=\"async\" loading=\"lazy\" srcset=\"https:\/\/www.madamevacances.com\/blog\/wp-content\/uploads\/2024\/11\/husky-3344674_1920.jpg 1920w, https:\/\/www.madamevacances.com\/blog\/wp-content\/uploads\/2024\/11\/husky-3344674_1920-300x200.jpg 300w, https:\/\/www.madamevacances.com\/blog\/wp-content\/uploads\/2024\/11\/husky-3344674_1920-1620x1080.jpg 1620w, https:\/\/www.madamevacances.com\/blog\/wp-content\/uploads\/2024\/11\/husky-3344674_1920-768x512.jpg 768w, https:\/\/www.madamevacances.com\/blog\/wp-content\/uploads\/2024\/11\/husky-3344674_1920-1536x1024.jpg 1536w\" sizes=\"(max-width: 767px) 89vw, (max-width: 1000px) 54vw, (max-width: 1071px) 543px, 580px\" \/><\/span><div class=\"lcp-container\"><div class=\"post-category\"><a href=\"https:\/\/www.madamevacances.com\/blog\/category\/montagne\/fairedusport-montagne\/\"><i class=\"fa fa-bicycle\"><\/i> Faire du sport<\/a>, <a href=\"https:\/\/www.madamevacances.com\/blog\/category\/montagne\/samuser-montagne\/\"><i class=\"fa fa-smile-o\"><\/i> S'amuser<\/a><\/div><h3 class=\"entry-title\"><a href=\"https:\/\/www.madamevacances.com\/blog\/top-10-activites-dhiver-en-station\/\" rel=\"bookmark\">Top 10 des activit\u00e9s d&#8217;hiver \u00e0 faire en st...<\/a><\/h3><div class=\"lcp_excerpt\"><p>Au-del\u00e0 du ski, l\u2019hiver en montagne r\u00e9serve bien des surprises. Moments d\u2019adr\u00e9naline, instants de d\u00e9tente et exp\u00e9riences insolites, les stations regorgent d\u2019activit\u00e9s hivernales pour tous les go\u00fbts.\nQue vous soyez en qu\u00eate d\u2019aventure ou d\u2019\u00e9vasion, il y a mille fa\u00e7ons de profiter pleinement de la neige !\n<\/p><p class=\"link-more\"><\/p><div class=\"entry-meta\"><time class=\"entry-date published\" >Le   mercredi 20 novembre 2024<\/time><div class=\"entry-likes\"><i class=\"nice-likes-icon-heart\"><\/i>0<\/div><div class=\"entry-comments\"><span class=\"dashicons dashicons-admin-comments\"><\/span>0<\/div><\/div><\/div><\/div><\/div><div class=\"postlist withthumb\"><span class=\"post-thumbnail\"><a href=\"https:\/\/www.madamevacances.com\/blog\/vacances-dhiver-en-famille\/\" title=\"Vacances d\u2019hiver : s\u00e9journez dans une station de ski &quot;Famille Plus&quot;\"><img width=\"2000\" height=\"1114\" src=\"https:\/\/www.madamevacances.com\/blog\/wp-content\/uploads\/2024\/11\/meribel-hotel-4.jpg\" class=\"lcp_thumbnail wp-post-image\" alt=\"Vacances d\u2019hiver : s\u00e9journez dans une station de ski &quot;Famille Plus&quot;\" decoding=\"async\" loading=\"lazy\" srcset=\"https:\/\/www.madamevacances.com\/blog\/wp-content\/uploads\/2024\/11\/meribel-hotel-4.jpg 2000w, https:\/\/www.madamevacances.com\/blog\/wp-content\/uploads\/2024\/11\/meribel-hotel-4-300x167.jpg 300w, https:\/\/www.madamevacances.com\/blog\/wp-content\/uploads\/2024\/11\/meribel-hotel-4-1920x1069.jpg 1920w, https:\/\/www.madamevacances.com\/blog\/wp-content\/uploads\/2024\/11\/meribel-hotel-4-768x428.jpg 768w, https:\/\/www.madamevacances.com\/blog\/wp-content\/uploads\/2024\/11\/meribel-hotel-4-1536x856.jpg 1536w\" sizes=\"(max-width: 767px) 89vw, (max-width: 1000px) 54vw, (max-width: 1071px) 543px, 580px\" \/><\/a><img width=\"2000\" height=\"1330\" src=\"https:\/\/www.madamevacances.com\/blog\/wp-content\/uploads\/2024\/11\/Vaujany-village-hiver-Y-Cornub.jpg\" class=\"attachment-full size-full\" alt=\"Station familiale Vaujany\" decoding=\"async\" loading=\"lazy\" srcset=\"https:\/\/www.madamevacances.com\/blog\/wp-content\/uploads\/2024\/11\/Vaujany-village-hiver-Y-Cornub.jpg 2000w, https:\/\/www.madamevacances.com\/blog\/wp-content\/uploads\/2024\/11\/Vaujany-village-hiver-Y-Cornub-300x200.jpg 300w, https:\/\/www.madamevacances.com\/blog\/wp-content\/uploads\/2024\/11\/Vaujany-village-hiver-Y-Cornub-1624x1080.jpg 1624w, https:\/\/www.madamevacances.com\/blog\/wp-content\/uploads\/2024\/11\/Vaujany-village-hiver-Y-Cornub-768x511.jpg 768w, https:\/\/www.madamevacances.com\/blog\/wp-content\/uploads\/2024\/11\/Vaujany-village-hiver-Y-Cornub-1536x1021.jpg 1536w\" sizes=\"(max-width: 767px) 89vw, (max-width: 1000px) 54vw, (max-width: 1071px) 543px, 580px\" \/><\/span><div class=\"lcp-container\"><div class=\"post-category\"><a href=\"https:\/\/www.madamevacances.com\/blog\/category\/montagne\/partager-montagne\/\"><i class=\"fa fa-users\"><\/i> Partager<\/a>, <a href=\"https:\/\/www.madamevacances.com\/blog\/category\/montagne\/samuser-montagne\/\"><i class=\"fa fa-smile-o\"><\/i> S'amuser<\/a><\/div><h3 class=\"entry-title\"><a href=\"https:\/\/www.madamevacances.com\/blog\/vacances-dhiver-en-famille\/\" rel=\"bookmark\">Vacances d\u2019hiver : s\u00e9journez dans une station d...<\/a><\/h3><div class=\"lcp_excerpt\"><p>Passez des vacances d&#8217;hiver magiques en famille dans des stations labellis\u00e9es &#8220;Famille Plus&#8221; comme Les Orres, L&#8217;Alpe d&#8217;Huez ou bien encore M\u00e9ribel. Activit\u00e9s pour enfants, descentes aux flambeaux, animations pour les f\u00eates de No\u00ebl et du Nouvel An&#8230; tout est pens\u00e9 pour un s\u00e9jour inoubliable. D\u00e9couvrez les meilleures stations familiales o\u00f9 s\u00e9journer avec Madame Vacances.\n<\/p><p class=\"link-more\"><\/p><div class=\"entry-meta\"><time class=\"entry-date published\" >Le   mardi 05 novembre 2024<\/time><div class=\"entry-likes\"><i class=\"nice-likes-icon-heart\"><\/i>0<\/div><div class=\"entry-comments\"><span class=\"dashicons dashicons-admin-comments\"><\/span>0<\/div><\/div><\/div><\/div><\/div><div class=\"postlist withthumb\"><span class=\"post-thumbnail\"><a href=\"https:\/\/www.madamevacances.com\/blog\/top-5-des-bonnes-raisons-de-venir-en-vacances-a-val-disere\/\" title=\"5 bonnes raisons d&#039;aller en vacances \u00e0 Val d\u2019Is\u00e8re\"><img width=\"2560\" height=\"1707\" src=\"https:\/\/www.madamevacances.com\/blog\/wp-content\/uploads\/2020\/10\/valdisere-00028380-scaled.jpg\" class=\"lcp_thumbnail wp-post-image\" alt=\"5 bonnes raisons d&#039;aller en vacances \u00e0 Val d\u2019Is\u00e8re\" decoding=\"async\" loading=\"lazy\" srcset=\"https:\/\/www.madamevacances.com\/blog\/wp-content\/uploads\/2020\/10\/valdisere-00028380-scaled.jpg 2560w, https:\/\/www.madamevacances.com\/blog\/wp-content\/uploads\/2020\/10\/valdisere-00028380-300x200.jpg 300w, https:\/\/www.madamevacances.com\/blog\/wp-content\/uploads\/2020\/10\/valdisere-00028380-1620x1080.jpg 1620w, https:\/\/www.madamevacances.com\/blog\/wp-content\/uploads\/2020\/10\/valdisere-00028380-768x512.jpg 768w, https:\/\/www.madamevacances.com\/blog\/wp-content\/uploads\/2020\/10\/valdisere-00028380-1536x1024.jpg 1536w, https:\/\/www.madamevacances.com\/blog\/wp-content\/uploads\/2020\/10\/valdisere-00028380-2048x1365.jpg 2048w\" sizes=\"(max-width: 767px) 89vw, (max-width: 1000px) 54vw, (max-width: 1071px) 543px, 580px\" \/><\/a><img width=\"2000\" height=\"1200\" src=\"https:\/\/www.madamevacances.com\/blog\/wp-content\/uploads\/2020\/10\/valdisere-00028380-2000x1200.jpg\" class=\"attachment-twentyseventeen-featured-image size-twentyseventeen-featured-image wp-post-image\" alt=\"Coucher de soleil sur Val d&#039;Is\u00e8re\" decoding=\"async\" loading=\"lazy\" sizes=\"(max-width: 767px) 89vw, (max-width: 1000px) 54vw, (max-width: 1071px) 543px, 580px\" \/><\/span><div class=\"lcp-container\"><div class=\"post-category\"><a href=\"https:\/\/www.madamevacances.com\/blog\/category\/montagne\/samuser-montagne\/\"><i class=\"fa fa-smile-o\"><\/i> S'amuser<\/a><\/div><h3 class=\"entry-title\"><a href=\"https:\/\/www.madamevacances.com\/blog\/top-5-des-bonnes-raisons-de-venir-en-vacances-a-val-disere\/\" rel=\"bookmark\">5 bonnes raisons d&#8217;aller en vacances \u00e0 Val ...<\/a><\/h3><div class=\"lcp_excerpt\"><p>Avec un domaine skiable de 300km de pistes, Val d\u2019Is\u00e8re est une destination de r\u00eave pour des vacances d\u2019hiver. Profitez d\u2019une multitude d&#8217;activit\u00e9s comme le fat bike et les balades en chiens de tra\u00eeneaux, d\u2019\u00e9v\u00e9nements festifs toute la saison, d\u2019espaces bien-\u00eatre pour vous d\u00e9tendre et d\u2019une gastronomie savoyarde authentique. Que vous partiez en famille ou ...<\/p><p class=\"link-more\"><\/p><div class=\"entry-meta\"><time class=\"entry-date published\" >Le   mercredi 25 septembre 2024<\/time><div class=\"entry-likes\"><i class=\"nice-likes-icon-heart\"><\/i>0<\/div><div class=\"entry-comments\"><span class=\"dashicons dashicons-admin-comments\"><\/span>0<\/div><\/div><\/div><\/div><\/div><div class=\"postlist withthumb\"><span class=\"post-thumbnail\"><a href=\"https:\/\/www.madamevacances.com\/blog\/activites-a-faire-en-famille-a-isle-sur-la-sorgue\/\" title=\"Top 4 des activit\u00e9s \u00e0 faire en famille \u00e0 l&#039;Isle-sur-la-Sorgue\"><img width=\"1200\" height=\"533\" src=\"https:\/\/www.madamevacances.com\/blog\/wp-content\/uploads\/2016\/07\/MV_ISLE_LA_SURGE_1800x800-1200x533.jpg\" class=\"lcp_thumbnail wp-post-image\" alt=\"Top 4 des activit\u00e9s \u00e0 faire en famille \u00e0 l&#039;Isle-sur-la-Sorgue\" decoding=\"async\" loading=\"lazy\" srcset=\"https:\/\/www.madamevacances.com\/blog\/wp-content\/uploads\/2016\/07\/MV_ISLE_LA_SURGE_1800x800-1200x533.jpg 1200w, https:\/\/www.madamevacances.com\/blog\/wp-content\/uploads\/2016\/07\/MV_ISLE_LA_SURGE_1800x800-1200x533-300x133.jpg 300w, https:\/\/www.madamevacances.com\/blog\/wp-content\/uploads\/2016\/07\/MV_ISLE_LA_SURGE_1800x800-1200x533-768x341.jpg 768w, https:\/\/www.madamevacances.com\/blog\/wp-content\/uploads\/2016\/07\/MV_ISLE_LA_SURGE_1800x800-1200x533-1024x455.jpg 1024w\" sizes=\"(max-width: 767px) 89vw, (max-width: 1000px) 54vw, (max-width: 1071px) 543px, 580px\" \/><\/a><img width=\"1200\" height=\"533\" src=\"https:\/\/www.madamevacances.com\/blog\/wp-content\/uploads\/2016\/07\/MV_ISLE_LA_SURGE_1800x800-1200x533.jpg\" class=\"attachment-twentyseventeen-featured-image size-twentyseventeen-featured-image wp-post-image\" alt=\"\" decoding=\"async\" loading=\"lazy\" srcset=\"https:\/\/www.madamevacances.com\/blog\/wp-content\/uploads\/2016\/07\/MV_ISLE_LA_SURGE_1800x800-1200x533.jpg 1200w, https:\/\/www.madamevacances.com\/blog\/wp-content\/uploads\/2016\/07\/MV_ISLE_LA_SURGE_1800x800-1200x533-300x133.jpg 300w, https:\/\/www.madamevacances.com\/blog\/wp-content\/uploads\/2016\/07\/MV_ISLE_LA_SURGE_1800x800-1200x533-768x341.jpg 768w, https:\/\/www.madamevacances.com\/blog\/wp-content\/uploads\/2016\/07\/MV_ISLE_LA_SURGE_1800x800-1200x533-1024x455.jpg 1024w\" sizes=\"(max-width: 767px) 89vw, (max-width: 1000px) 54vw, (max-width: 1071px) 543px, 580px\" \/><\/span><div class=\"lcp-container\"><div class=\"post-category\"><a href=\"https:\/\/www.madamevacances.com\/blog\/category\/campagne\/samuser-campagne\/\"><i class=\"fa fa-smile-o\"><\/i> S'amuser<\/a><\/div><h3 class=\"entry-title\"><a href=\"https:\/\/www.madamevacances.com\/blog\/activites-a-faire-en-famille-a-isle-sur-la-sorgue\/\" rel=\"bookmark\">Top 4 des activit\u00e9s \u00e0 faire en famille \u00e0 l&#821...<\/a><\/h3><div class=\"lcp_excerpt\"><p>Dans le Vaucluse et plus particuli\u00e8rement \u00e0 l&#8217;Isle sur la Sorgue les activit\u00e9s ne manquent pas. Dans ce village plein d\u2019histoire, les familles vont vite trouver de quoi s\u2019occuper gr\u00e2ce aux ressources naturelles de la r\u00e9gion.\nJolies ruelles pav\u00e9es, tr\u00e9sors d\u2019un petit village typique de Provence, visitez le sud de la France et ses richesses en ...<\/p><p class=\"link-more\"><\/p><div class=\"entry-meta\"><time class=\"entry-date published\" >Le   lundi 09 septembre 2024<\/time><div class=\"entry-likes\"><i class=\"nice-likes-icon-heart\"><\/i>0<\/div><div class=\"entry-comments\"><span class=\"dashicons dashicons-admin-comments\"><\/span>2<\/div><\/div><\/div><\/div><\/div><div class=\"postlist withthumb\"><span class=\"post-thumbnail\"><a href=\"https:\/\/www.madamevacances.com\/blog\/championnats-du-monde-de-ski-se-loger-a-meribel-et-courchevel\/\" title=\"Championnats du monde de ski\u00a0: se loger \u00e0 M\u00e9ribel et Courchevel \u00a0\"><img width=\"1920\" height=\"1280\" src=\"https:\/\/www.madamevacances.com\/blog\/wp-content\/uploads\/2023\/01\/ski-race-g1d0bde8a5_1920.jpg\" class=\"lcp_thumbnail wp-post-image\" alt=\"Championnats du monde de ski\u00a0: se loger \u00e0 M\u00e9ribel et Courchevel \u00a0\" decoding=\"async\" loading=\"lazy\" srcset=\"https:\/\/www.madamevacances.com\/blog\/wp-content\/uploads\/2023\/01\/ski-race-g1d0bde8a5_1920.jpg 1920w, https:\/\/www.madamevacances.com\/blog\/wp-content\/uploads\/2023\/01\/ski-race-g1d0bde8a5_1920-300x200.jpg 300w, https:\/\/www.madamevacances.com\/blog\/wp-content\/uploads\/2023\/01\/ski-race-g1d0bde8a5_1920-1620x1080.jpg 1620w, https:\/\/www.madamevacances.com\/blog\/wp-content\/uploads\/2023\/01\/ski-race-g1d0bde8a5_1920-768x512.jpg 768w, https:\/\/www.madamevacances.com\/blog\/wp-content\/uploads\/2023\/01\/ski-race-g1d0bde8a5_1920-1536x1024.jpg 1536w\" sizes=\"(max-width: 767px) 89vw, (max-width: 1000px) 54vw, (max-width: 1071px) 543px, 580px\" \/><\/a><img width=\"1920\" height=\"1200\" src=\"https:\/\/www.madamevacances.com\/blog\/wp-content\/uploads\/2023\/01\/ski-race-g1d0bde8a5_1920-1920x1200.jpg\" class=\"attachment-twentyseventeen-featured-image size-twentyseventeen-featured-image wp-post-image\" alt=\"\" decoding=\"async\" loading=\"lazy\" sizes=\"(max-width: 767px) 89vw, (max-width: 1000px) 54vw, (max-width: 1071px) 543px, 580px\" \/><\/span><div class=\"lcp-container\"><div class=\"post-category\"><a href=\"https:\/\/www.madamevacances.com\/blog\/category\/montagne\/samuser-montagne\/\"><i class=\"fa fa-smile-o\"><\/i> S'amuser<\/a><\/div><h3 class=\"entry-title\"><a href=\"https:\/\/www.madamevacances.com\/blog\/championnats-du-monde-de-ski-se-loger-a-meribel-et-courchevel\/\" rel=\"bookmark\">Championnats du monde de ski\u00a0: se loger \u00e0 M\u00e9rib...<\/a><\/h3><div class=\"lcp_excerpt\"><p>\nO\u00f9 se loger pendant les Championnats du monde de ski \u00e0 Courchevel et M\u00e9ribel&nbsp;?\n\n\nEn 2023, les Championnats du monde FIS de ski alpin auront lieu en France, \u00e0 cheval sur la station de M\u00e9ribel et celle de Courchevel, sur le domaine des 3 Vall\u00e9es. Du 6 au 19 f\u00e9vrier 2023, de nombreux skieurs internationaux seront ...<\/p><p class=\"link-more\"><\/p><div class=\"entry-meta\"><time class=\"entry-date published\" >Le   mercredi 25 janvier 2023<\/time><div class=\"entry-likes\"><i class=\"nice-likes-icon-heart\"><\/i>0<\/div><div class=\"entry-comments\"><span class=\"dashicons dashicons-admin-comments\"><\/span>0<\/div><\/div><\/div><\/div><\/div><div class=\"postlist withthumb\"><span class=\"post-thumbnail\"><a href=\"https:\/\/www.madamevacances.com\/blog\/pourquoi-choisir-vaujany\/\" title=\"Que faire \u00e0 Vaujany ?\"><img width=\"2048\" height=\"1365\" src=\"https:\/\/www.madamevacances.com\/blog\/wp-content\/uploads\/2022\/06\/iStock-1285709023.jpg\" class=\"lcp_thumbnail wp-post-image\" alt=\"Que faire \u00e0 Vaujany ?\" decoding=\"async\" loading=\"lazy\" srcset=\"https:\/\/www.madamevacances.com\/blog\/wp-content\/uploads\/2022\/06\/iStock-1285709023.jpg 2048w, https:\/\/www.madamevacances.com\/blog\/wp-content\/uploads\/2022\/06\/iStock-1285709023-300x200.jpg 300w, https:\/\/www.madamevacances.com\/blog\/wp-content\/uploads\/2022\/06\/iStock-1285709023-768x512.jpg 768w, https:\/\/www.madamevacances.com\/blog\/wp-content\/uploads\/2022\/06\/iStock-1285709023-1620x1080.jpg 1620w\" sizes=\"(max-width: 767px) 89vw, (max-width: 1000px) 54vw, (max-width: 1071px) 543px, 580px\" \/><\/a><img width=\"2000\" height=\"1200\" src=\"https:\/\/www.madamevacances.com\/blog\/wp-content\/uploads\/2022\/06\/iStock-1285709023-2000x1200.jpg\" class=\"attachment-twentyseventeen-featured-image size-twentyseventeen-featured-image wp-post-image\" alt=\"\" decoding=\"async\" loading=\"lazy\" sizes=\"(max-width: 767px) 89vw, (max-width: 1000px) 54vw, (max-width: 1071px) 543px, 580px\" \/><\/span><div class=\"lcp-container\"><div class=\"post-category\"><a href=\"https:\/\/www.madamevacances.com\/blog\/category\/montagne\/samuser-montagne\/\"><i class=\"fa fa-smile-o\"><\/i> S'amuser<\/a><\/div><h3 class=\"entry-title\"><a href=\"https:\/\/www.madamevacances.com\/blog\/pourquoi-choisir-vaujany\/\" rel=\"bookmark\">Que faire \u00e0 Vaujany ?<\/a><\/h3><div class=\"lcp_excerpt\"><p>\n\u00c9t\u00e9 comme hiver, la station de Vaujany d\u00e9borde d\u2019activit\u00e9s. Perch\u00e9 \u00e0 1250m d\u2019altitude, ses nombreux atouts font de cette petite vall\u00e9e de l\u2019Oisans une station familiale, pratique et vivante. \u00c9t\u00e9 comme hiver, optez pour un h\u00f4tel ou une location d&#8217;appartement \u00e0 Vaujany et profitez d\u2019un s\u00e9jour inoubliable dans cette station familiale nich\u00e9e au c\u0153ur des ...<\/p><p class=\"link-more\"><\/p><div class=\"entry-meta\"><time class=\"entry-date published\" >Le   mercredi 29 juin 2022<\/time><div class=\"entry-likes\"><i class=\"nice-likes-icon-heart\"><\/i>0<\/div><div class=\"entry-comments\"><span class=\"dashicons dashicons-admin-comments\"><\/span>0<\/div><\/div><\/div><\/div><\/div><div class=\"postlist withthumb\"><span class=\"post-thumbnail\"><a href=\"https:\/\/www.madamevacances.com\/blog\/station-en-famille-ou-entre-ami\/\" title=\"Station en famille ou entre amis ?\"><img width=\"2048\" height=\"1365\" src=\"https:\/\/www.madamevacances.com\/blog\/wp-content\/uploads\/2022\/06\/Station-en-famille-ou-entre-ami-7.jpg\" class=\"lcp_thumbnail wp-post-image\" alt=\"Station en famille ou entre amis ?\" decoding=\"async\" loading=\"lazy\" srcset=\"https:\/\/www.madamevacances.com\/blog\/wp-content\/uploads\/2022\/06\/Station-en-famille-ou-entre-ami-7.jpg 2048w, https:\/\/www.madamevacances.com\/blog\/wp-content\/uploads\/2022\/06\/Station-en-famille-ou-entre-ami-7-300x200.jpg 300w, https:\/\/www.madamevacances.com\/blog\/wp-content\/uploads\/2022\/06\/Station-en-famille-ou-entre-ami-7-768x512.jpg 768w, https:\/\/www.madamevacances.com\/blog\/wp-content\/uploads\/2022\/06\/Station-en-famille-ou-entre-ami-7-1620x1080.jpg 1620w\" sizes=\"(max-width: 767px) 89vw, (max-width: 1000px) 54vw, (max-width: 1071px) 543px, 580px\" \/><\/a><img width=\"2000\" height=\"1200\" src=\"https:\/\/www.madamevacances.com\/blog\/wp-content\/uploads\/2022\/06\/Station-en-famille-ou-entre-ami-7-2000x1200.jpg\" class=\"attachment-twentyseventeen-featured-image size-twentyseventeen-featured-image wp-post-image\" alt=\"\" decoding=\"async\" loading=\"lazy\" sizes=\"(max-width: 767px) 89vw, (max-width: 1000px) 54vw, (max-width: 1071px) 543px, 580px\" \/><\/span><div class=\"lcp-container\"><div class=\"post-category\"><a href=\"https:\/\/www.madamevacances.com\/blog\/category\/montagne\/samuser-montagne\/\"><i class=\"fa fa-smile-o\"><\/i> S'amuser<\/a><\/div><h3 class=\"entry-title\"><a href=\"https:\/\/www.madamevacances.com\/blog\/station-en-famille-ou-entre-ami\/\" rel=\"bookmark\">Station en famille ou entre amis ?<\/a><\/h3><div class=\"lcp_excerpt\"><p>\nVous adorez la montagne, le ski, la neige, les fondues et vous aimeriez partir entre amis ou en famille&nbsp;? Ici on vous donne nos conseils pour passer des vacances conviviales et chaleureuses au top&nbsp;!\n\n\n\n\n\nDes vacances festives \u00e0 la montagne\n\n\n\n\n\nPour toi, qui aime faire la f\u00eate et qui d\u00e9borde d&#8217;\u00e9nergie, tu souhaites partir en station avec ...<\/p><p class=\"link-more\"><\/p><div class=\"entry-meta\"><time class=\"entry-date published\" >Le   jeudi 02 juin 2022<\/time><div class=\"entry-likes\"><i class=\"nice-likes-icon-heart\"><\/i>0<\/div><div class=\"entry-comments\"><span class=\"dashicons dashicons-admin-comments\"><\/span>0<\/div><\/div><\/div><\/div><\/div><ul class='lcp_paginator'><li class='lcp_currentpage'>1<\/li><li><a href='https:\/\/www.madamevacances.com\/blog\/wp-json\/wp\/v2\/pages\/3862?lcp_page0=2#lcp_instance_0' title='2'>2<\/a><\/li><li><a href='https:\/\/www.madamevacances.com\/blog\/wp-json\/wp\/v2\/pages\/3862?lcp_page0=3#lcp_instance_0' title='3'>3<\/a><\/li><li><a href='https:\/\/www.madamevacances.com\/blog\/wp-json\/wp\/v2\/pages\/3862?lcp_page0=4#lcp_instance_0' title='4'>4<\/a><\/li><li><a href='https:\/\/www.madamevacances.com\/blog\/wp-json\/wp\/v2\/pages\/3862?lcp_page0=2#lcp_instance_0' title='2' class='lcp_nextlink'>&gt;&gt;<\/a><\/li><\/ul>\n","protected":false},"excerpt":{"rendered":"","protected":false},"author":1,"featured_media":3821,"parent":0,"menu_order":0,"comment_status":"closed","ping_status":"closed","template":"","meta":{"_monsterinsights_skip_tracking":false,"_monsterinsights_sitenote_active":false,"_monsterinsights_sitenote_note":"","_monsterinsights_sitenote_category":0,"_links_to":"","_links_to_target":""},"_links":{"self":[{"href":"https:\/\/www.madamevacances.com\/blog\/wp-json\/wp\/v2\/pages\/3862"}],"collection":[{"href":"https:\/\/www.madamevacances.com\/blog\/wp-json\/wp\/v2\/pages"}],"about":[{"href":"https:\/\/www.madamevacances.com\/blog\/wp-json\/wp\/v2\/types\/page"}],"author":[{"embeddable":true,"href":"https:\/\/www.madamevacances.com\/blog\/wp-json\/wp\/v2\/users\/1"}],"replies":[{"embeddable":true,"href":"https:\/\/www.madamevacances.com\/blog\/wp-json\/wp\/v2\/comments?post=3862"}],"version-history":[{"count":1,"href":"https:\/\/www.madamevacances.com\/blog\/wp-json\/wp\/v2\/pages\/3862\/revisions"}],"predecessor-version":[{"id":3863,"href":"https:\/\/www.madamevacances.com\/blog\/wp-json\/wp\/v2\/pages\/3862\/revisions\/3863"}],"wp:featuredmedia":[{"embeddable":true,"href":"https:\/\/www.madamevacances.com\/blog\/wp-json\/wp\/v2\/media\/3821"}],"wp:attachment":[{"href":"https:\/\/www.madamevacances.com\/blog\/wp-json\/wp\/v2\/media?parent=3862"}],"curies":[{"name":"wp","href":"https:\/\/api.w.org\/{rel}","templated":true}]}}